{"id":8871,"date":"2024-05-16T08:27:56","date_gmt":"2024-05-16T06:27:56","guid":{"rendered":"https:\/\/valaisfilmcommission.ch\/?page_id=8871"},"modified":"2026-01-27T09:13:15","modified_gmt":"2026-01-27T08:13:15","slug":"communiques-de-presse","status":"publish","type":"page","link":"https:\/\/valaisfilmcommission.ch\/fr\/communiques-de-presse\/","title":{"rendered":"Communiqu\u00e9s de presse"},"content":{"rendered":"\t\t<div data-elementor-type=\"wp-page\" data-elementor-id=\"8871\" class=\"elementor elementor-8871\" data-elementor-post-type=\"page\">\n\t\t\t\t<div class=\"elementor-element elementor-element-74a60ce e-flex e-con-boxed e-con e-parent\" data-id=\"74a60ce\" data-element_type=\"container\" data-e-type=\"container\">\n\t\t\t\t\t<div class=\"e-con-inner\">\n\t\t\t\t<div class=\"elementor-element elementor-element-682321d8 elementor-widget elementor-widget-text-editor\" data-id=\"682321d8\" data-element_type=\"widget\" data-e-type=\"widget\" data-widget_type=\"text-editor.default\">\n\t\t\t\t<div class=\"elementor-widget-container\">\n\t\t\t\t\t\t\t\t\t<h2><span style=\"font-size: var( --e-global-typography-secondary-font-size ); font-weight: var( --e-global-typography-secondary-font-weight ); text-align: var(--text-align);\">Communiqu\u00e9s de presse 2026<\/span><\/h2><p><a href=\"https:\/\/valaisfilmcommission.ch\/wp-content\/uploads\/2026\/01\/21.01.2026-La-Valais-Film-Commission-renforce-les-synergies-suisses-au-Festival-du-Film-de-Soleure.pdf\">21.01.2026 &#8211; La Valais Film Commission renforce les synergies suisses au Festival du Film de Soleure<\/a><\/p><h2>\u00a0<\/h2><h2><span style=\"font-size: var( --e-global-typography-secondary-font-size ); font-weight: var( --e-global-typography-secondary-font-weight ); text-align: var(--text-align);\">Communiqu\u00e9s de presse 2025<\/span><\/h2><p><a href=\"https:\/\/valaisfilmcommission.ch\/wp-content\/uploads\/2025\/08\/14.08.2025-Le-Valais-devient-TOXIC-durant-cinq-jours-.pdf\">14.08.2025 &#8211; Le Valais devient \u00ab TOXIC \u00bb durant cinq jours !<\/a><\/p><p><a href=\"https:\/\/valaisfilmcommission.ch\/wp-content\/uploads\/2025\/06\/05.06.2025-Vanessa-Paradis-tourne-en-Valais.pdf\">05.06.2025 &#8211; Vanessa Paradis tourne en Valais<\/a><\/p><p><a href=\"https:\/\/valaisfilmcommission.ch\/wp-content\/uploads\/2025\/05\/15.05.2025-La-Valais-Film-Commission-retourne-sur-la-Croisette.pdf\">15.05.2025 &#8211; La Valais Film Commission retourne sur la Croisette<\/a><\/p><p><a href=\"https:\/\/valaisfilmcommission.ch\/wp-content\/uploads\/2025\/04\/24.04.2025-Un-accessoire-de-tournage-segare-sur-le-set-du-film-Mein-Freund-Barry-.pdf\">24.04.2025 &#8211; Un accessoire de tournage s\u2019e\u0301gare sur le set du film \u00ab Mein Freund Barry \u00bb<\/a><\/p><p><a href=\"https:\/\/valaisfilmcommission.ch\/wp-content\/uploads\/2025\/04\/01.04.2025-Poisson-davril.pdf\">01.04.2025 &#8211; Poisson d&rsquo;avril<\/a><\/p><p><a href=\"https:\/\/valaisfilmcommission.ch\/wp-content\/uploads\/2025\/02\/11.02.2025-Lancement-du-tournage-de-laventure-cinematographique-22Mein-Freund-Barry22-Mon-ami-Barry.pdf\">11.02.2025 &#8211; Lancement du tournage de l&rsquo;aventure cine\u0301matographique Mein Freund Barry (Mon ami Barry)<\/a><\/p><h2>\u00a0<\/h2><h2><span style=\"color: var( --e-global-color-primary ); font-family: var( --e-global-typography-secondary-font-family ), Sans-serif; font-size: var( --e-global-typography-secondary-font-size ); font-weight: var( --e-global-typography-secondary-font-weight ); text-align: var(--text-align);\">Communiqu\u00e9s de presse 2024<\/span><\/h2><p><a href=\"https:\/\/valaisfilmcommission.ch\/wp-content\/uploads\/2024\/10\/17.10.2024-La-Valais-Film-Commission-souvre-encore-plus-a-linternational-en-participant-au-MIA-marche-international-de-laudiovisuel.pdf\">17.10.2024 &#8211; La Valais Film Commission s\u2019ouvre encore plus a\u0300 l\u2019international en participant au MIA (marche\u0301 international de l\u2019audiovisuel)<\/a><\/p><p><a href=\"https:\/\/valaisfilmcommission.ch\/wp-content\/uploads\/2024\/09\/08.08.2024-La-Valais-Film-Commission-revient-en-force-au-Festival-du-Film-de-Locarno.pdf\">08.08.2024 &#8211; La Valais Film Commission revient en force au Festival du Film de Locarno<\/a><\/p><p><a href=\"https:\/\/valaisfilmcommission.ch\/wp-content\/uploads\/2024\/05\/16.05.2024-Festival-de-Cannes-2024-FR.pdf\">16.05.2024 &#8211; La Valais Film Commission se d\u00e9place au Festival de Cannes pour la deuxi\u00e8me ann\u00e9e cons\u00e9cutive<\/a><\/p><p><a href=\"https:\/\/valaisfilmcommission.ch\/wp-content\/uploads\/2024\/05\/CP_Swiss_Film_Commission_2024_FR.pdf\">26.04.2024 &#8211; La Valais Film Commission rejoint la Switzerland Film Commissions<\/a><\/p><p><a href=\"https:\/\/valaisfilmcommission.ch\/wp-content\/uploads\/2024\/02\/23.02.2024-Coup-de-projecteur-avec-le-geant-du-Streaming-Netflix.pdf\">23.02.2024 &#8211; Coup de projecteur avec le g\u00e9ant du Streaming Netflix<\/a><\/p><h2>\u00a0<\/h2><h2>Communiqu\u00e9s de presse 2023<\/h2><p><a href=\"https:\/\/valaisfilmcommission.ch\/wp-content\/uploads\/2024\/05\/VFC_Cinemania_CP_FR.pdf\">26.10.2023 &#8211; La VFC et la Suisse \u00e0 l&rsquo;honneur du Festival CINEMANIA<\/a><\/p><p><a href=\"https:\/\/valaisfilmcommission.ch\/wp-content\/uploads\/2024\/05\/Bilan_VFC_FR.pdf\">22.08.2023 &#8211; La Valais Film Commission dresse son premier bilan<\/a><\/p><p><a href=\"https:\/\/valaisfilmcommission.ch\/wp-content\/uploads\/2024\/01\/16.05.23-Laissez-moi-premier-film-soutenu-par-la-VFC-a-Cannes.pdf\">16.05.2023 &#8211; Laissez-moi premier film soutenu par la VFC a\u0300 Cannes<\/a><\/p><p><a href=\"https:\/\/valaisfilmcommission.ch\/wp-content\/uploads\/2024\/05\/Communiquedepresse_V2.pdf\">27.02.2023 &#8211; Soutien du film Sauvages de Claude Barras<\/a><\/p><h2>\u00a0<\/h2><h2>Communiqu\u00e9s de presse 2022<\/h2><p><a href=\"https:\/\/valaisfilmcommission.ch\/wp-content\/uploads\/2024\/05\/20220629_VFC_Locarno_FR.pdf\">06.08.2022 &#8211; La Valais Film Commission est officiellement lanc\u00e9e<\/a><\/p><h2>\u00a0<\/h2><h2>Communiqu\u00e9s de presse 2021<\/h2><p><a href=\"https:\/\/valaisfilmcommission.ch\/wp-content\/uploads\/2024\/01\/02.11.2021-Commissioner-nomme-pour-promouvoir-le-Valais-au-travers-de-films.pdf\">02.11.2021 &#8211; Commissioner nomme\u0301 pour promouvoir le Valais au travers de films<\/a><\/p>\t\t\t\t\t\t\t\t<\/div>\n\t\t\t\t<\/div>\n\t\t\t\t\t<\/div>\n\t\t\t\t<\/div>\n\t\t\t\t<\/div>\n\t\t","protected":false},"excerpt":{"rendered":"<p>Communiqu\u00e9s de presse 2026 21.01.2026 &#8211; La Valais Film Commission renforce les synergies suisses au Festival du Film de Soleure \u00a0 Communiqu\u00e9s de presse 2025 14.08.2025 &#8211; Le Valais devient \u00ab TOXIC \u00bb durant cinq jours ! 05.06.2025 &#8211; Vanessa Paradis tourne en Valais 15.05.2025 &#8211; La Valais Film Commission retourne sur la Croisette 24.04.2025 [&hellip;]<\/p>\n","protected":false},"author":14,"featured_media":0,"parent":0,"menu_order":0,"comment_status":"closed","ping_status":"closed","template":"","meta":{"_acf_changed":false,"footnotes":""},"class_list":["post-8871","page","type-page","status-publish","hentry"],"acf":[],"yoast_head":"<!-- This site is optimized with the Yoast SEO plugin v27.5 - https:\/\/yoast.com\/product\/yoast-seo-wordpress\/ -->\n<title>Communiqu\u00e9s de presse &#8211; Valais Film Commission<\/title>\n<meta name=\"description\" content=\"Communiqu\u00e9s de presse &#8211; Retrouvez tous les communiqu\u00e9s de presse de la Valais Film Commission.\" \/>\n<meta name=\"robots\" content=\"index, follow, max-snippet:-1, max-image-preview:large, max-video-preview:-1\" \/>\n<link rel=\"canonical\" href=\"https:\/\/valaisfilmcommission.ch\/fr\/communiques-de-presse\/\" \/>\n<meta property=\"og:locale\" content=\"fr_FR\" \/>\n<meta property=\"og:type\" content=\"article\" \/>\n<meta property=\"og:title\" content=\"Communiqu\u00e9s de presse &#8211; Valais Film Commission\" \/>\n<meta property=\"og:description\" content=\"Communiqu\u00e9s de presse &#8211; Retrouvez tous les communiqu\u00e9s de presse de la Valais Film Commission.\" \/>\n<meta property=\"og:url\" content=\"https:\/\/valaisfilmcommission.ch\/fr\/communiques-de-presse\/\" \/>\n<meta property=\"og:site_name\" content=\"Valais Film Commission\" \/>\n<meta property=\"article:modified_time\" content=\"2026-01-27T08:13:15+00:00\" \/>\n<meta name=\"twitter:card\" content=\"summary_large_image\" \/>\n<meta name=\"twitter:site\" content=\"@ValaisFilmCom\" \/>\n<meta name=\"twitter:label1\" content=\"Dur\u00e9e de lecture estim\u00e9e\" \/>\n\t<meta name=\"twitter:data1\" content=\"2 minutes\" \/>\n<script type=\"application\/ld+json\" class=\"yoast-schema-graph\">{\"@context\":\"https:\\\/\\\/schema.org\",\"@graph\":[{\"@type\":\"WebPage\",\"@id\":\"https:\\\/\\\/valaisfilmcommission.ch\\\/fr\\\/communiques-de-presse\\\/\",\"url\":\"https:\\\/\\\/valaisfilmcommission.ch\\\/fr\\\/communiques-de-presse\\\/\",\"name\":\"Communiqu\u00e9s de presse &#8211; Valais Film Commission\",\"isPartOf\":{\"@id\":\"https:\\\/\\\/valaisfilmcommission.ch\\\/fr\\\/#website\"},\"datePublished\":\"2024-05-16T06:27:56+00:00\",\"dateModified\":\"2026-01-27T08:13:15+00:00\",\"description\":\"Communiqu\u00e9s de presse &#8211; Retrouvez tous les communiqu\u00e9s de presse de la Valais Film Commission.\",\"breadcrumb\":{\"@id\":\"https:\\\/\\\/valaisfilmcommission.ch\\\/fr\\\/communiques-de-presse\\\/#breadcrumb\"},\"inLanguage\":\"fr-FR\",\"potentialAction\":[{\"@type\":\"ReadAction\",\"target\":[\"https:\\\/\\\/valaisfilmcommission.ch\\\/fr\\\/communiques-de-presse\\\/\"]}]},{\"@type\":\"BreadcrumbList\",\"@id\":\"https:\\\/\\\/valaisfilmcommission.ch\\\/fr\\\/communiques-de-presse\\\/#breadcrumb\",\"itemListElement\":[{\"@type\":\"ListItem\",\"position\":1,\"name\":\"Home\",\"item\":\"https:\\\/\\\/valaisfilmcommission.ch\\\/fr\\\/\"},{\"@type\":\"ListItem\",\"position\":2,\"name\":\"Communiqu\u00e9s de presse\"}]},{\"@type\":\"WebSite\",\"@id\":\"https:\\\/\\\/valaisfilmcommission.ch\\\/fr\\\/#website\",\"url\":\"https:\\\/\\\/valaisfilmcommission.ch\\\/fr\\\/\",\"name\":\"Valais Film Commission\",\"description\":\"Soutien de l&#039;audiovisuel en Valais\",\"publisher\":{\"@id\":\"https:\\\/\\\/valaisfilmcommission.ch\\\/fr\\\/#organization\"},\"potentialAction\":[{\"@type\":\"SearchAction\",\"target\":{\"@type\":\"EntryPoint\",\"urlTemplate\":\"https:\\\/\\\/valaisfilmcommission.ch\\\/fr\\\/?s={search_term_string}\"},\"query-input\":{\"@type\":\"PropertyValueSpecification\",\"valueRequired\":true,\"valueName\":\"search_term_string\"}}],\"inLanguage\":\"fr-FR\"},{\"@type\":\"Organization\",\"@id\":\"https:\\\/\\\/valaisfilmcommission.ch\\\/fr\\\/#organization\",\"name\":\"Valais Film Commission\",\"url\":\"https:\\\/\\\/valaisfilmcommission.ch\\\/fr\\\/\",\"logo\":{\"@type\":\"ImageObject\",\"inLanguage\":\"fr-FR\",\"@id\":\"https:\\\/\\\/valaisfilmcommission.ch\\\/fr\\\/#\\\/schema\\\/logo\\\/image\\\/\",\"url\":\"https:\\\/\\\/valaisfilmcommission.ch\\\/wp-content\\\/uploads\\\/2020\\\/07\\\/Valais_FR.svg\",\"contentUrl\":\"https:\\\/\\\/valaisfilmcommission.ch\\\/wp-content\\\/uploads\\\/2020\\\/07\\\/Valais_FR.svg\",\"width\":1,\"height\":1,\"caption\":\"Valais Film Commission\"},\"image\":{\"@id\":\"https:\\\/\\\/valaisfilmcommission.ch\\\/fr\\\/#\\\/schema\\\/logo\\\/image\\\/\"},\"sameAs\":[\"https:\\\/\\\/x.com\\\/ValaisFilmCom\",\"https:\\\/\\\/www.instagram.com\\\/valaisfilmcommission\\\/\"]}]}<\/script>\n<!-- \/ Yoast SEO plugin. -->","yoast_head_json":{"title":"Communiqu\u00e9s de presse &#8211; Valais Film Commission","description":"Communiqu\u00e9s de presse &#8211; Retrouvez tous les communiqu\u00e9s de presse de la Valais Film Commission.","robots":{"index":"index","follow":"follow","max-snippet":"max-snippet:-1","max-image-preview":"max-image-preview:large","max-video-preview":"max-video-preview:-1"},"canonical":"https:\/\/valaisfilmcommission.ch\/fr\/communiques-de-presse\/","og_locale":"fr_FR","og_type":"article","og_title":"Communiqu\u00e9s de presse &#8211; Valais Film Commission","og_description":"Communiqu\u00e9s de presse &#8211; Retrouvez tous les communiqu\u00e9s de presse de la Valais Film Commission.","og_url":"https:\/\/valaisfilmcommission.ch\/fr\/communiques-de-presse\/","og_site_name":"Valais Film Commission","article_modified_time":"2026-01-27T08:13:15+00:00","twitter_card":"summary_large_image","twitter_site":"@ValaisFilmCom","twitter_misc":{"Dur\u00e9e de lecture estim\u00e9e":"2 minutes"},"schema":{"@context":"https:\/\/schema.org","@graph":[{"@type":"WebPage","@id":"https:\/\/valaisfilmcommission.ch\/fr\/communiques-de-presse\/","url":"https:\/\/valaisfilmcommission.ch\/fr\/communiques-de-presse\/","name":"Communiqu\u00e9s de presse &#8211; Valais Film Commission","isPartOf":{"@id":"https:\/\/valaisfilmcommission.ch\/fr\/#website"},"datePublished":"2024-05-16T06:27:56+00:00","dateModified":"2026-01-27T08:13:15+00:00","description":"Communiqu\u00e9s de presse &#8211; Retrouvez tous les communiqu\u00e9s de presse de la Valais Film Commission.","breadcrumb":{"@id":"https:\/\/valaisfilmcommission.ch\/fr\/communiques-de-presse\/#breadcrumb"},"inLanguage":"fr-FR","potentialAction":[{"@type":"ReadAction","target":["https:\/\/valaisfilmcommission.ch\/fr\/communiques-de-presse\/"]}]},{"@type":"BreadcrumbList","@id":"https:\/\/valaisfilmcommission.ch\/fr\/communiques-de-presse\/#breadcrumb","itemListElement":[{"@type":"ListItem","position":1,"name":"Home","item":"https:\/\/valaisfilmcommission.ch\/fr\/"},{"@type":"ListItem","position":2,"name":"Communiqu\u00e9s de presse"}]},{"@type":"WebSite","@id":"https:\/\/valaisfilmcommission.ch\/fr\/#website","url":"https:\/\/valaisfilmcommission.ch\/fr\/","name":"Valais Film Commission","description":"Soutien de l&#039;audiovisuel en Valais","publisher":{"@id":"https:\/\/valaisfilmcommission.ch\/fr\/#organization"},"potentialAction":[{"@type":"SearchAction","target":{"@type":"EntryPoint","urlTemplate":"https:\/\/valaisfilmcommission.ch\/fr\/?s={search_term_string}"},"query-input":{"@type":"PropertyValueSpecification","valueRequired":true,"valueName":"search_term_string"}}],"inLanguage":"fr-FR"},{"@type":"Organization","@id":"https:\/\/valaisfilmcommission.ch\/fr\/#organization","name":"Valais Film Commission","url":"https:\/\/valaisfilmcommission.ch\/fr\/","logo":{"@type":"ImageObject","inLanguage":"fr-FR","@id":"https:\/\/valaisfilmcommission.ch\/fr\/#\/schema\/logo\/image\/","url":"https:\/\/valaisfilmcommission.ch\/wp-content\/uploads\/2020\/07\/Valais_FR.svg","contentUrl":"https:\/\/valaisfilmcommission.ch\/wp-content\/uploads\/2020\/07\/Valais_FR.svg","width":1,"height":1,"caption":"Valais Film Commission"},"image":{"@id":"https:\/\/valaisfilmcommission.ch\/fr\/#\/schema\/logo\/image\/"},"sameAs":["https:\/\/x.com\/ValaisFilmCom","https:\/\/www.instagram.com\/valaisfilmcommission\/"]}]}},"_links":{"self":[{"href":"https:\/\/valaisfilmcommission.ch\/fr\/wp-json\/wp\/v2\/pages\/8871","targetHints":{"allow":["GET"]}}],"collection":[{"href":"https:\/\/valaisfilmcommission.ch\/fr\/wp-json\/wp\/v2\/pages"}],"about":[{"href":"https:\/\/valaisfilmcommission.ch\/fr\/wp-json\/wp\/v2\/types\/page"}],"author":[{"embeddable":true,"href":"https:\/\/valaisfilmcommission.ch\/fr\/wp-json\/wp\/v2\/users\/14"}],"replies":[{"embeddable":true,"href":"https:\/\/valaisfilmcommission.ch\/fr\/wp-json\/wp\/v2\/comments?post=8871"}],"version-history":[{"count":62,"href":"https:\/\/valaisfilmcommission.ch\/fr\/wp-json\/wp\/v2\/pages\/8871\/revisions"}],"predecessor-version":[{"id":10743,"href":"https:\/\/valaisfilmcommission.ch\/fr\/wp-json\/wp\/v2\/pages\/8871\/revisions\/10743"}],"wp:attachment":[{"href":"https:\/\/valaisfilmcommission.ch\/fr\/wp-json\/wp\/v2\/media?parent=8871"}],"curies":[{"name":"wp","href":"https:\/\/api.w.org\/{rel}","templated":true}]}}