{"id":8480,"date":"2023-09-01T08:56:28","date_gmt":"2023-09-01T06:56:28","guid":{"rendered":"https:\/\/valaisfilmcommission.ch\/?page_id=8480"},"modified":"2026-04-20T14:08:29","modified_gmt":"2026-04-20T12:08:29","slug":"mentions-legales-et-protection-des-donnees","status":"publish","type":"page","link":"https:\/\/valaisfilmcommission.ch\/fr\/mentions-legales-et-protection-des-donnees\/","title":{"rendered":"Mentions l\u00e9gales et protection des donn\u00e9es"},"content":{"rendered":"\t\t<div data-elementor-type=\"wp-page\" data-elementor-id=\"8480\" class=\"elementor elementor-8480\" data-elementor-post-type=\"page\">\n\t\t\t\t\t\t<section class=\"elementor-section elementor-top-section elementor-element elementor-element-118fe3c0 elementor-section-boxed elementor-section-height-default elementor-section-height-default\" data-id=\"118fe3c0\" data-element_type=\"section\" data-e-type=\"section\">\n\t\t\t\t\t\t<div class=\"elementor-container elementor-column-gap-default\">\n\t\t\t\t\t<div class=\"elementor-column elementor-col-100 elementor-top-column elementor-element elementor-element-7aae6714\" data-id=\"7aae6714\" data-element_type=\"column\" data-e-type=\"column\">\n\t\t\t<div class=\"elementor-widget-wrap elementor-element-populated\">\n\t\t\t\t\t\t<div class=\"elementor-element elementor-element-12f50daf elementor-widget elementor-widget-text-editor\" data-id=\"12f50daf\" data-element_type=\"widget\" data-e-type=\"widget\" data-widget_type=\"text-editor.default\">\n\t\t\t\t<div class=\"elementor-widget-container\">\n\t\t\t\t\t\t\t\t\t<p><strong>Politique de confidentialit\u00e9<\/strong><\/p><p>Responsable<\/p><p>Valais\/Wallis Promotion<br \/>Avenue de Tourbillon 11<br \/>Case postale 607<br \/>CH-1951 Sion\u00a0<\/p><p>T\u00e9l. +41 27 327 36 00<br \/><a href=\"mailto:dataprotection@valais.ch\">dataprotection@valais.ch<\/a><\/p><p><strong>Les informations personnelles que nous collectons :<\/strong><\/p><p>Lorsque vous visitez le https:\/\/valaisfilmcommission.ch, nous recueillons automatiquement certaines informations sur votre appareil, notamment des informations sur votre navigateur web, votre adresse IP, votre fuseau horaire et certains des cookies install\u00e9s sur votre appareil. En outre, lorsque vous naviguez sur le site, nous recueillons des informations sur les pages web ou les produits individuels que vous consultez, sur les sites web ou les termes de recherche qui vous ont renvoy\u00e9 au site et sur la mani\u00e8re dont vous interagissez avec le site. Nous d\u00e9signons ces informations collect\u00e9es automatiquement par le terme \u00ab\u00a0informations sur les appareils\u00a0\u00bb. En outre, nous pourrions collecter les donn\u00e9es personnelles que vous nous fournissez (y compris, mais sans s&rsquo;y limiter, le nom, le pr\u00e9nom, l&rsquo;adresse, les informations de paiement, etc.) lors de l&rsquo;inscription afin de pouvoir ex\u00e9cuter le contrat.<\/p><p><strong><u>Politique sur les cookies<\/u><\/strong><\/p><p>Un cookie est un petit fichier, stock\u00e9 sur le disque dur d\u2019un utilisateur par le site Web. Son but est de recueillir des donn\u00e9es relatives aux habitudes de navigation de l\u2019utilisateur.<\/p><p>Nous utilisons les types de cookies suivants sur notre site\u00a0:<\/p><ol start=\"1\" type=\"a\"><li><strong>Cookies fonctionnels<\/strong><br \/>Nous les utilisons pour m\u00e9moriser toutes les s\u00e9lections que vous faites sur notre site afin qu\u2019elles soient sauvegard\u00e9es pour vos prochaines visites.<\/li><li><strong>Cookies analytiques<\/strong><br \/>Cela nous permet d\u2019am\u00e9liorer la conception et la fonctionnalit\u00e9 de notre site en recueillant des donn\u00e9es sur le contenu auquel vous acc\u00e9dez et sur lequel vous vous accrochez en utilisant notre site.<\/li><\/ol><p>Vous pouvez choisir d\u2019\u00eatre averti chaque fois qu\u2019un cookie est transmis. Vous pouvez \u00e9galement choisir de d\u00e9sactiver les cookies enti\u00e8rement dans votre navigateur Internet, mais cela peut diminuer la qualit\u00e9 de votre exp\u00e9rience d\u2019utilisation.<\/p><p><strong>Pourquoi traitons-nous vos donn\u00e9es ?<\/strong><\/p><p>Notre priorit\u00e9 absolue est la s\u00e9curit\u00e9 des donn\u00e9es des clients et, \u00e0 ce titre, nous ne pouvons traiter que des donn\u00e9es minimales sur les utilisateurs, uniquement dans la mesure o\u00f9 cela est absolument n\u00e9cessaire pour maintenir le site web. Les informations collect\u00e9es automatiquement sont utilis\u00e9es uniquement pour identifier les cas potentiels d&rsquo;abus et \u00e9tablir des informations statistiques concernant l&rsquo;utilisation du site web. Ces informations statistiques ne sont pas autrement agr\u00e9g\u00e9es de mani\u00e8re \u00e0 identifier un utilisateur particulier du syst\u00e8me.<\/p><p>Vous pouvez visiter le site web sans nous dire qui vous \u00eates ni r\u00e9v\u00e9ler d&rsquo;informations, par lesquelles quelqu&rsquo;un pourrait vous identifier comme un individu sp\u00e9cifique et identifiable. Toutefois, si vous souhaitez utiliser certaines fonctionnalit\u00e9s du site web, ou si vous souhaitez recevoir notre lettre d&rsquo;information ou fournir d&rsquo;autres d\u00e9tails en remplissant un formulaire, vous pouvez nous fournir des donn\u00e9es personnelles, telles que votre e-mail, votre pr\u00e9nom, votre nom, votre ville de r\u00e9sidence, votre organisation, votre num\u00e9ro de t\u00e9l\u00e9phone. Vous pouvez choisir de ne pas nous fournir vos donn\u00e9es personnelles, mais il se peut alors que vous ne puissiez pas profiter de certaines fonctionnalit\u00e9s du site web. Par exemple, vous ne pourrez pas recevoir notre bulletin d&rsquo;information ou nous contacter directement \u00e0 partir du site web. Les utilisateurs qui ne savent pas quelles informations sont obligatoires sont invit\u00e9s \u00e0 nous contacter via dataprotection@valais.ch.<\/p><p><strong>Vos droits :<\/strong><\/p><p>Si vous \u00eates un r\u00e9sident europ\u00e9en, vous disposez des droits suivants li\u00e9s \u00e0 vos donn\u00e9es personnelles :<\/p><ul><li>Le droit d&rsquo;\u00eatre inform\u00e9.<\/li><li>Le droit d&rsquo;acc\u00e8s.<\/li><li>Le droit de rectification.<\/li><li>Le droit \u00e0 l&rsquo;effacement.<\/li><li>Le droit de restreindre le traitement.<\/li><li>Le droit \u00e0 la portabilit\u00e9 des donn\u00e9es.<\/li><li>Le droit d&rsquo;opposition.<\/li><li>Les droits relatifs \u00e0 la prise de d\u00e9cision automatis\u00e9e et au profilage.<\/li><\/ul><p>Si vous souhaitez exercer ce droit, veuillez nous contacter via les coordonn\u00e9es ci-dessous.<\/p><p>En outre, si vous \u00eates un r\u00e9sident europ\u00e9en, nous notons que nous traitons vos informations afin d&rsquo;ex\u00e9cuter les contrats que nous pourrions avoir avec vous (par exemple, si vous passez une commande par le biais du site), ou autrement pour poursuivre nos int\u00e9r\u00eats commerciaux l\u00e9gitimes \u00e9num\u00e9r\u00e9s ci-dessus. En outre, veuillez noter que vos informations pourraient \u00eatre transf\u00e9r\u00e9es en dehors de l&rsquo;Europe, y compris au Canada et aux \u00c9tats-Unis.<\/p><p><strong>Liens vers d&rsquo;autres sites web :<\/strong><\/p><p>Notre site web peut contenir des liens vers d&rsquo;autres sites web qui ne sont pas d\u00e9tenus ou contr\u00f4l\u00e9s par nous. Sachez que nous ne sommes pas responsables de ces autres sites web ou des pratiques de confidentialit\u00e9 des tiers. Nous vous encourageons \u00e0 \u00eatre attentif lorsque vous quittez notre site web et \u00e0 lire les d\u00e9clarations de confidentialit\u00e9 de chaque site web susceptible de collecter des informations personnelles.<\/p><p><strong>S\u00e9curit\u00e9 de l&rsquo;information :<\/strong><\/p><p>Nous s\u00e9curisons les informations que vous fournissez sur des serveurs informatiques dans un environnement contr\u00f4l\u00e9 et s\u00e9curis\u00e9, prot\u00e9g\u00e9 contre tout acc\u00e8s, utilisation ou divulgation non autoris\u00e9s. Nous conservons des garanties administratives, techniques et physiques raisonnables pour nous prot\u00e9ger contre tout acc\u00e8s, utilisation, modification et divulgation non autoris\u00e9s des donn\u00e9es personnelles sous son contr\u00f4le et sa garde. Toutefois, aucune transmission de donn\u00e9es sur Internet ou sur un r\u00e9seau sans fil ne peut \u00eatre garantie.<\/p><p><strong>Divulgation l\u00e9gale :<\/strong><\/p><p>Nous divulguerons toute information que nous collectons, utilisons ou recevons si la loi l&rsquo;exige ou l&rsquo;autorise, par exemple pour nous conformer \u00e0 une citation \u00e0 compara\u00eetre ou \u00e0 une proc\u00e9dure judiciaire similaire, et lorsque nous pensons de bonne foi que la divulgation est n\u00e9cessaire pour prot\u00e9ger nos droits, votre s\u00e9curit\u00e9 ou celle d&rsquo;autrui, enqu\u00eater sur une fraude ou r\u00e9pondre \u00e0 une demande du gouvernement.<\/p><p><strong>Informations de contact :<\/strong><\/p><p>Si vous souhaitez nous contacter pour comprendre davantage la pr\u00e9sente politique ou si vous souhaitez nous contacter concernant toute question relative aux droits individuels et \u00e0 vos informations personnelles, vous pouvez envoyer un courriel \u00e0 dataprotection@valais.ch.<\/p><p><strong>Alertes e-mail pour les petites annonces et castings<\/strong><\/p><p>Si vous vous inscrivez aux alertes e-mail relatives aux petites annonces ou castings, nous traitons votre adresse e-mail afin de vous informer de la publication de nouvelles annonces. Vous pouvez vous d\u00e9sinscrire \u00e0 tout moment via le lien figurant dans chaque e-mail ou en nous contactant.<\/p><p><strong>Communiqu\u00e9s de presse et informations m\u00e9dias<\/strong><\/p><p>La Valais Film Commission peut adresser des communiqu\u00e9s de presse et informations m\u00e9dias \u00e0 des contacts professionnels pertinents. Pour l\u2019envoi et la gestion technique de ces communications, elle peut recourir aux services, outils et infrastructures de Valais\/Wallis Promotion ainsi qu\u2019\u00e0 des prestataires techniques mandat\u00e9s. Les personnes concern\u00e9es peuvent \u00e0 tout moment s\u2019opposer \u00e0 la r\u00e9ception de ces envois ou utiliser le lien de d\u00e9sinscription figurant dans les e-mails concern\u00e9s.<\/p><p><strong>Information compl\u00e9mentaire<\/strong><\/p><p>Pour certains traitements techniques op\u00e9r\u00e9s par Valais\/Wallis Promotion, des informations compl\u00e9mentaires peuvent \u00e9galement figurer dans la <a id=\"menur2c8\" class=\"fui-Link ___1q1shib f2hkw1w f3rmtva f1ewtqcl fyind8e f1k6fduh f1w7gpdv fk6fouc fjoy568 figsok6 f1s184ao f1mk8lai fnbmjn9 f1o700av f13mvf36 f1cmlufx f9n3di6 f1ids18y f1tx3yz7 f1deo86v f1eh06m1 f1iescvh fhgqx19 f1olyrje f1p93eir f1nev41a f1h8hb77 f1lqvz6u f10aw75t fsle3fq f17ae5zn\" title=\"https:\/\/www.valais.ch\/fr\/informations\/protection-des-donnees-et-directives-sur-les-cookies\" href=\"https:\/\/www.valais.ch\/fr\/informations\/protection-des-donnees-et-directives-sur-les-cookies\" target=\"_blank\" rel=\"noreferrer noopener\" aria-label=\"Lien politique de confidentialit\u00e9\">politique de confidentialit\u00e9<\/a> de Valais\/Wallis Promotion.<\/p>\t\t\t\t\t\t\t\t<\/div>\n\t\t\t\t<\/div>\n\t\t\t\t\t<\/div>\n\t\t<\/div>\n\t\t\t\t\t<\/div>\n\t\t<\/section>\n\t\t\t\t<\/div>\n\t\t","protected":false},"excerpt":{"rendered":"<p>Politique de confidentialit\u00e9 Responsable Valais\/Wallis PromotionAvenue de Tourbillon 11Case postale 607CH-1951 Sion\u00a0 T\u00e9l. +41 27 327 36 00dataprotection@valais.ch Les informations personnelles que nous collectons : Lorsque vous visitez le https:\/\/valaisfilmcommission.ch, nous recueillons automatiquement certaines informations sur votre appareil, notamment des informations sur votre navigateur web, votre adresse IP, votre fuseau horaire et certains des cookies [&hellip;]<\/p>\n","protected":false},"author":14,"featured_media":0,"parent":0,"menu_order":0,"comment_status":"closed","ping_status":"closed","template":"","meta":{"_acf_changed":false,"footnotes":""},"class_list":["post-8480","page","type-page","status-publish","hentry"],"acf":[],"yoast_head":"<!-- This site is optimized with the Yoast SEO plugin v27.4 - https:\/\/yoast.com\/product\/yoast-seo-wordpress\/ -->\n<title>Mentions l\u00e9gales et protection des donn\u00e9es &#8211; Valais Film Commission<\/title>\n<meta name=\"robots\" content=\"index, follow, max-snippet:-1, max-image-preview:large, max-video-preview:-1\" \/>\n<link rel=\"canonical\" href=\"https:\/\/valaisfilmcommission.ch\/fr\/mentions-legales-et-protection-des-donnees\/\" \/>\n<meta property=\"og:locale\" content=\"fr_FR\" \/>\n<meta property=\"og:type\" content=\"article\" \/>\n<meta property=\"og:title\" content=\"Mentions l\u00e9gales et protection des donn\u00e9es &#8211; Valais Film Commission\" \/>\n<meta property=\"og:description\" content=\"Politique de confidentialit\u00e9 Responsable Valais\/Wallis PromotionAvenue de Tourbillon 11Case postale 607CH-1951 Sion\u00a0 T\u00e9l. +41 27 327 36 00dataprotection@valais.ch Les informations personnelles que nous collectons : Lorsque vous visitez le https:\/\/valaisfilmcommission.ch, nous recueillons automatiquement certaines informations sur votre appareil, notamment des informations sur votre navigateur web, votre adresse IP, votre fuseau horaire et certains des cookies [&hellip;]\" \/>\n<meta property=\"og:url\" content=\"https:\/\/valaisfilmcommission.ch\/fr\/mentions-legales-et-protection-des-donnees\/\" \/>\n<meta property=\"og:site_name\" content=\"Valais Film Commission\" \/>\n<meta property=\"article:modified_time\" content=\"2026-04-20T12:08:29+00:00\" \/>\n<meta name=\"twitter:card\" content=\"summary_large_image\" \/>\n<meta name=\"twitter:site\" content=\"@ValaisFilmCom\" \/>\n<meta name=\"twitter:label1\" content=\"Dur\u00e9e de lecture estim\u00e9e\" \/>\n\t<meta name=\"twitter:data1\" content=\"6 minutes\" \/>\n<script type=\"application\/ld+json\" class=\"yoast-schema-graph\">{\"@context\":\"https:\\\/\\\/schema.org\",\"@graph\":[{\"@type\":\"WebPage\",\"@id\":\"https:\\\/\\\/valaisfilmcommission.ch\\\/fr\\\/mentions-legales-et-protection-des-donnees\\\/\",\"url\":\"https:\\\/\\\/valaisfilmcommission.ch\\\/fr\\\/mentions-legales-et-protection-des-donnees\\\/\",\"name\":\"Mentions l\u00e9gales et protection des donn\u00e9es &#8211; Valais Film Commission\",\"isPartOf\":{\"@id\":\"https:\\\/\\\/valaisfilmcommission.ch\\\/fr\\\/#website\"},\"datePublished\":\"2023-09-01T06:56:28+00:00\",\"dateModified\":\"2026-04-20T12:08:29+00:00\",\"breadcrumb\":{\"@id\":\"https:\\\/\\\/valaisfilmcommission.ch\\\/fr\\\/mentions-legales-et-protection-des-donnees\\\/#breadcrumb\"},\"inLanguage\":\"fr-FR\",\"potentialAction\":[{\"@type\":\"ReadAction\",\"target\":[\"https:\\\/\\\/valaisfilmcommission.ch\\\/fr\\\/mentions-legales-et-protection-des-donnees\\\/\"]}]},{\"@type\":\"BreadcrumbList\",\"@id\":\"https:\\\/\\\/valaisfilmcommission.ch\\\/fr\\\/mentions-legales-et-protection-des-donnees\\\/#breadcrumb\",\"itemListElement\":[{\"@type\":\"ListItem\",\"position\":1,\"name\":\"Home\",\"item\":\"https:\\\/\\\/valaisfilmcommission.ch\\\/fr\\\/\"},{\"@type\":\"ListItem\",\"position\":2,\"name\":\"Mentions l\u00e9gales et protection des donn\u00e9es\"}]},{\"@type\":\"WebSite\",\"@id\":\"https:\\\/\\\/valaisfilmcommission.ch\\\/fr\\\/#website\",\"url\":\"https:\\\/\\\/valaisfilmcommission.ch\\\/fr\\\/\",\"name\":\"Valais Film Commission\",\"description\":\"Soutien de l&#039;audiovisuel en Valais\",\"publisher\":{\"@id\":\"https:\\\/\\\/valaisfilmcommission.ch\\\/fr\\\/#organization\"},\"potentialAction\":[{\"@type\":\"SearchAction\",\"target\":{\"@type\":\"EntryPoint\",\"urlTemplate\":\"https:\\\/\\\/valaisfilmcommission.ch\\\/fr\\\/?s={search_term_string}\"},\"query-input\":{\"@type\":\"PropertyValueSpecification\",\"valueRequired\":true,\"valueName\":\"search_term_string\"}}],\"inLanguage\":\"fr-FR\"},{\"@type\":\"Organization\",\"@id\":\"https:\\\/\\\/valaisfilmcommission.ch\\\/fr\\\/#organization\",\"name\":\"Valais Film Commission\",\"url\":\"https:\\\/\\\/valaisfilmcommission.ch\\\/fr\\\/\",\"logo\":{\"@type\":\"ImageObject\",\"inLanguage\":\"fr-FR\",\"@id\":\"https:\\\/\\\/valaisfilmcommission.ch\\\/fr\\\/#\\\/schema\\\/logo\\\/image\\\/\",\"url\":\"https:\\\/\\\/valaisfilmcommission.ch\\\/wp-content\\\/uploads\\\/2020\\\/07\\\/Valais_FR.svg\",\"contentUrl\":\"https:\\\/\\\/valaisfilmcommission.ch\\\/wp-content\\\/uploads\\\/2020\\\/07\\\/Valais_FR.svg\",\"width\":1,\"height\":1,\"caption\":\"Valais Film Commission\"},\"image\":{\"@id\":\"https:\\\/\\\/valaisfilmcommission.ch\\\/fr\\\/#\\\/schema\\\/logo\\\/image\\\/\"},\"sameAs\":[\"https:\\\/\\\/x.com\\\/ValaisFilmCom\",\"https:\\\/\\\/www.instagram.com\\\/valaisfilmcommission\\\/\"]}]}<\/script>\n<!-- \/ Yoast SEO plugin. -->","yoast_head_json":{"title":"Mentions l\u00e9gales et protection des donn\u00e9es &#8211; Valais Film Commission","robots":{"index":"index","follow":"follow","max-snippet":"max-snippet:-1","max-image-preview":"max-image-preview:large","max-video-preview":"max-video-preview:-1"},"canonical":"https:\/\/valaisfilmcommission.ch\/fr\/mentions-legales-et-protection-des-donnees\/","og_locale":"fr_FR","og_type":"article","og_title":"Mentions l\u00e9gales et protection des donn\u00e9es &#8211; Valais Film Commission","og_description":"Politique de confidentialit\u00e9 Responsable Valais\/Wallis PromotionAvenue de Tourbillon 11Case postale 607CH-1951 Sion\u00a0 T\u00e9l. +41 27 327 36 00dataprotection@valais.ch Les informations personnelles que nous collectons : Lorsque vous visitez le https:\/\/valaisfilmcommission.ch, nous recueillons automatiquement certaines informations sur votre appareil, notamment des informations sur votre navigateur web, votre adresse IP, votre fuseau horaire et certains des cookies [&hellip;]","og_url":"https:\/\/valaisfilmcommission.ch\/fr\/mentions-legales-et-protection-des-donnees\/","og_site_name":"Valais Film Commission","article_modified_time":"2026-04-20T12:08:29+00:00","twitter_card":"summary_large_image","twitter_site":"@ValaisFilmCom","twitter_misc":{"Dur\u00e9e de lecture estim\u00e9e":"6 minutes"},"schema":{"@context":"https:\/\/schema.org","@graph":[{"@type":"WebPage","@id":"https:\/\/valaisfilmcommission.ch\/fr\/mentions-legales-et-protection-des-donnees\/","url":"https:\/\/valaisfilmcommission.ch\/fr\/mentions-legales-et-protection-des-donnees\/","name":"Mentions l\u00e9gales et protection des donn\u00e9es &#8211; Valais Film Commission","isPartOf":{"@id":"https:\/\/valaisfilmcommission.ch\/fr\/#website"},"datePublished":"2023-09-01T06:56:28+00:00","dateModified":"2026-04-20T12:08:29+00:00","breadcrumb":{"@id":"https:\/\/valaisfilmcommission.ch\/fr\/mentions-legales-et-protection-des-donnees\/#breadcrumb"},"inLanguage":"fr-FR","potentialAction":[{"@type":"ReadAction","target":["https:\/\/valaisfilmcommission.ch\/fr\/mentions-legales-et-protection-des-donnees\/"]}]},{"@type":"BreadcrumbList","@id":"https:\/\/valaisfilmcommission.ch\/fr\/mentions-legales-et-protection-des-donnees\/#breadcrumb","itemListElement":[{"@type":"ListItem","position":1,"name":"Home","item":"https:\/\/valaisfilmcommission.ch\/fr\/"},{"@type":"ListItem","position":2,"name":"Mentions l\u00e9gales et protection des donn\u00e9es"}]},{"@type":"WebSite","@id":"https:\/\/valaisfilmcommission.ch\/fr\/#website","url":"https:\/\/valaisfilmcommission.ch\/fr\/","name":"Valais Film Commission","description":"Soutien de l&#039;audiovisuel en Valais","publisher":{"@id":"https:\/\/valaisfilmcommission.ch\/fr\/#organization"},"potentialAction":[{"@type":"SearchAction","target":{"@type":"EntryPoint","urlTemplate":"https:\/\/valaisfilmcommission.ch\/fr\/?s={search_term_string}"},"query-input":{"@type":"PropertyValueSpecification","valueRequired":true,"valueName":"search_term_string"}}],"inLanguage":"fr-FR"},{"@type":"Organization","@id":"https:\/\/valaisfilmcommission.ch\/fr\/#organization","name":"Valais Film Commission","url":"https:\/\/valaisfilmcommission.ch\/fr\/","logo":{"@type":"ImageObject","inLanguage":"fr-FR","@id":"https:\/\/valaisfilmcommission.ch\/fr\/#\/schema\/logo\/image\/","url":"https:\/\/valaisfilmcommission.ch\/wp-content\/uploads\/2020\/07\/Valais_FR.svg","contentUrl":"https:\/\/valaisfilmcommission.ch\/wp-content\/uploads\/2020\/07\/Valais_FR.svg","width":1,"height":1,"caption":"Valais Film Commission"},"image":{"@id":"https:\/\/valaisfilmcommission.ch\/fr\/#\/schema\/logo\/image\/"},"sameAs":["https:\/\/x.com\/ValaisFilmCom","https:\/\/www.instagram.com\/valaisfilmcommission\/"]}]}},"_links":{"self":[{"href":"https:\/\/valaisfilmcommission.ch\/fr\/wp-json\/wp\/v2\/pages\/8480","targetHints":{"allow":["GET"]}}],"collection":[{"href":"https:\/\/valaisfilmcommission.ch\/fr\/wp-json\/wp\/v2\/pages"}],"about":[{"href":"https:\/\/valaisfilmcommission.ch\/fr\/wp-json\/wp\/v2\/types\/page"}],"author":[{"embeddable":true,"href":"https:\/\/valaisfilmcommission.ch\/fr\/wp-json\/wp\/v2\/users\/14"}],"replies":[{"embeddable":true,"href":"https:\/\/valaisfilmcommission.ch\/fr\/wp-json\/wp\/v2\/comments?post=8480"}],"version-history":[{"count":10,"href":"https:\/\/valaisfilmcommission.ch\/fr\/wp-json\/wp\/v2\/pages\/8480\/revisions"}],"predecessor-version":[{"id":10860,"href":"https:\/\/valaisfilmcommission.ch\/fr\/wp-json\/wp\/v2\/pages\/8480\/revisions\/10860"}],"wp:attachment":[{"href":"https:\/\/valaisfilmcommission.ch\/fr\/wp-json\/wp\/v2\/media?parent=8480"}],"curies":[{"name":"wp","href":"https:\/\/api.w.org\/{rel}","templated":true}]}}